{"id":558,"date":"2020-06-23T12:05:23","date_gmt":"2020-06-23T12:05:23","guid":{"rendered":"https:\/\/haitises.com\/?post_type=product&#038;p=558"},"modified":"2024-04-17T18:50:43","modified_gmt":"2024-04-17T18:50:43","slug":"excursion-a-los-haitises-con-senderismo-en-el-bosque-humedo","status":"publish","type":"product","link":"https:\/\/visitaloshaitises.com\/hu\/magan\/kirandulas-a-haitiszokba-turazassal-az-esoerdoben\/","title":{"rendered":"Kir\u00e1ndul\u00e1s Los Haitisesbe t\u00far\u00e1z\u00e1ssal a nedves erd\u0151ben"},"content":{"rendered":"<div class=\"vc_row wpb_row vc_row-fluid\" ><div class=\"wpb_column vc_column_container vc_col-sm-12\"><div class=\"vc_column-inner\"><div class=\"wpb_wrapper\">[mkdf_section_title title_tag=\u00bb\u00bb disable_break_words=\u00bbno\u00bb subtitle_tag=\u00bb\u00bb title=\u00bbLos Haitises National Park- From Sabana de la Mar + Hiking 2 Hours\u00bb subtitle=\u00bbHumid Forest + Normal Trip to Caves\u00bb]<\/div><\/div><\/div><\/div><div class=\"vc_row wpb_row vc_row-fluid\" ><div class=\"wpb_column vc_column_container vc_col-sm-12\"><div class=\"vc_column-inner\"><div class=\"wpb_wrapper\">\n\t<div class=\"wpb_text_column wpb_content_element\" >\n\t\t<div class=\"wpb_wrapper\">\n\t\t\t<h5>Es\u0151erd\u0151 + Norm\u00e1l barlangi kir\u00e1ndul\u00e1s<\/h5>\n<h2>Los Haitises Nemzeti Park - Sabana de la Marb\u00f3l + T\u00far\u00e1z\u00e1s 2 \u00f3ra<\/h2>\n<h3><em>Le\u00edr\u00e1s<\/em><\/h3>\n<p>\u00c9lvezze a k\u00e9t\u00f3r\u00e1s t\u00far\u00e1t a Los Haitises Nemzeti Park erdej\u00e9ben. Ismerje meg a gy\u00f3gyn\u00f6v\u00e9nyeket \u00e9s l\u00e1togasson el a helyi nevezetess\u00e9gekhez. A Los Haitises Nemzeti Park megl\u00e1togat\u00e1sa ut\u00e1n a Sabana de la Mar vagy Ca\u00f1o Hondo sz\u00e1llod\u00e1kb\u00f3l helyi idegenvezet\u0151kkel.<\/p>\n<p>A t\u00far\u00e1t a haj\u00f3kir\u00e1ndul\u00e1s ut\u00e1n tessz\u00fck meg. Norm\u00e1l priv\u00e1t kir\u00e1ndul\u00e1s a Los Haitises Nemzeti Parkba. J\u00f6jj\u00f6n vel\u00fcnk, \u00e9s l\u00e1togasson el a Dominikai K\u00f6zt\u00e1rsas\u00e1g legszebb nemzeti parkj\u00e1ba, ahol mangroveerd\u0151ket, 3 barlangot \u00e9s a San Lorenzo \u00f6bl\u00f6t l\u00e1togathatja meg. Ez az \u00e9lm\u00e9ny Sabana de la Mar k\u00f6z\u00f6ss\u00e9g\u00e9b\u0151l indulhat, ahol megismerkedhet\u00fcnk Sabana de la Mar t\u00f6rt\u00e9net\u00e9vel.<\/p>\n<ul>\n<li>T\u00far\u00e1z\u00e1s 2 \u00f3ra az erd\u0151ben<\/li>\n<li>Sabana de la Mar t\u00f6rt\u00e9nete<\/li>\n<li>Az ad\u00f3kat tartalmazza<\/li>\n<li>Az \u00fatmutat\u00f3 oktat\u00e1st \u00e9s fel\u00fcgyeletet biztos\u00edt.<\/li>\n<li>Az eb\u00e9d nem tartalmazza az eb\u00e9det Cano Hond\u00f3ban V\u00e1lassza ezt a t\u00far\u00e1t: Los Haitises Plus Ca\u00f1o Hondo.<\/li>\n<\/ul>\n<h3>Befoglal\u00e1sok \u00e9s kiz\u00e1r\u00e1sok<\/h3>\n<h4>Z\u00e1rv\u00e1nyok<\/h4>\n<ol>\n<li>Los Haitises t\u00fara + barlangok \u00e9s piktogramok<\/li>\n<li>Minden ad\u00f3, d\u00edj \u00e9s kezel\u00e9si k\u00f6lts\u00e9g.<\/li>\n<li>Helyi ad\u00f3k<\/li>\n<li>Minden tev\u00e9kenys\u00e9g<\/li>\n<li>Helyi idegenvezet\u0151<\/li>\n<\/ol>\n<h4>Kiz\u00e1r\u00e1sok<\/h4>\n<ol>\n<li>Tippek<\/li>\n<li>Az eb\u00e9d nem tartalmazza az eb\u00e9det Cano Hond\u00f3ban V\u00e1lassza ezt a t\u00far\u00e1t: Los Haitises Plus Ca\u00f1o Hondo.<\/li>\n<li>Sz\u00e1ll\u00edt\u00e1s<\/li>\n<li>Alkoholos italok<\/li>\n<\/ol>\n<h3><em>Indul\u00e1s \u00e9s visszat\u00e9r\u00e9s<\/em><\/h3>\n<p>Az utaz\u00f3 a foglal\u00e1si folyamat ut\u00e1n tal\u00e1lkoz\u00e1si pontot kap. A t\u00far\u00e1k tal\u00e1lkoz\u00e1si pontjainkon kezd\u0151dnek \u00e9s \u00e9rnek v\u00e9get.<\/p>\n<h3><em>Mire sz\u00e1m\u00edthatok?<\/em><\/h3>\n<p>Szerezze be jegyeit a Los Haitises Nemzeti Park barlangokkal, mangroveerd\u0151kkel \u00e9s a San Lorenzo \u00f6b\u00f6llel rendelkez\u0151 Los Haitises Nemzeti Park es\u0151erdej\u00e9ben tett k\u00e9t\u00f3r\u00e1s t\u00fara ut\u00e1n.<\/p>\n<p>Los Haitises Nemzeti Park Sabana de la Marb\u00f3l vagy Ca\u00f1o Hondo sz\u00e1llod\u00e1ib\u00f3l helyi idegenvezet\u0151kkel. A kir\u00e1ndul\u00e1s a Los Haitises Nemzeti Park f\u0151 kik\u00f6t\u0151j\u00e9b\u0151l indul. Ez a kir\u00e1ndul\u00e1s 10:00 \u00f3rakor kezd\u0151dik egy helyi idegenvezet\u0151vel, aki ismeri a csod\u00e1latos nemzeti park eredeti t\u00f6rt\u00e9net\u00e9t.<\/p>\n<p>Ezut\u00e1n a Los Haitises Nemzeti Park f\u0151 kik\u00f6t\u0151j\u00e9b\u0151l, a Ca\u00f1o Hondo (Deep Creek) n\u00e9vre keresztelt, ment\u0151mell\u00e9nyekkel felszerelt cs\u00f3nakban indulunk. A San Lorenzo \u00f6b\u00f6lig \u00e9lvezz\u00fck a v\u00f6r\u00f6s mangroveerd\u0151t. Kis \u00f6b\u00f6l a Samana-\u00f6b\u00f6lben \u00e9s m\u00e1ris indulunk! Az els\u0151 dolog, amit l\u00e1thatunk, a Mogotes nev\u0171 m\u00e9szk\u0151hegyek hatalmas gy\u0171jtem\u00e9nye. A tetej\u00fck\u00f6n t\u00f6bb mint 700 n\u00f6v\u00e9nyfaj \u00e9s sok vizes \u00e9l\u0151helyi mad\u00e1r repked. Ezut\u00e1n barlangok l\u00e1togat\u00e1sa, amelyekben \u0151slakos k\u00f6z\u00f6ss\u00e9geink 750 \u00e9vvel ezel\u0151tti piktogramjai l\u00e1that\u00f3k.<\/p>\n<p>A ny\u00edlt San Lorenzo-\u00f6b\u00f6lben a mangrov\u00e9kon \u00e9s a sz\u00e1razf\u00f6ld\u00f6n kereszt\u00fcl, ahonnan fot\u00f3zhatja a zord erdei t\u00e1jat. N\u00e9zzen ki a v\u00edzbe, \u00e9s n\u00e9zzen meg lamantinokat, r\u00e1kf\u00e9l\u00e9ket \u00e9s delfineket.<\/p>\n<p>El nombre del parque nacional proviene de sus habitantes originales, los indios ta\u00ednos. En su idioma, \u00abHaitises\u00bb se traduce en tierras altas o colinas, una referencia a las empinadas formaciones geol\u00f3gicas de la costa con calizas. Avent\u00farate en el parque para explorar cuevas como la Cueva de la Arena y la Cueva de la L\u00ednea. Las cuevas en la reserva fueron utilizadas como refugio por los indios ta\u00ednos y, m\u00e1s adelante, por los piratas escondidos. Busque dibujos de indios que decoran algunas de las paredes. Despu\u00e9s de visitar el Parque Nacional Los Haitises, iremos al bosque h\u00famedo para caminar 2 horas y regresar al lugar donde comenz\u00f3 nuestro viaje.<\/p>\n<h3><em>Mit vigy\u00e9l magaddal?<\/em><\/h3>\n<ul>\n<li>Kamera<\/li>\n<li>Repellensek<\/li>\n<li>f\u00e9nyv\u00e9d\u0151 kr\u00e9m<\/li>\n<li>Kalap<\/li>\n<li>K\u00e9nyelmes nadr\u00e1g<\/li>\n<li>Erdei t\u00faracip\u0151<\/li>\n<li>Szand\u00e1l tavaszi ter\u00fcletekre.<\/li>\n<li>F\u00fcrd\u0151ruha<\/li>\n<\/ul>\n<h3><em>Sz\u00e1llodai \u00e1tv\u00e9tel<\/em><\/h3>\n<p>Sz\u00e1llodai \u00e1tv\u00e9telt k\u00edn\u00e1lunk, ha a Paraiso Ca\u00f1o Hondo vagy az Altos Ca\u00f1o Hondo Hotelben tal\u00e1lhat\u00f3. Tal\u00e1lkoz\u00e1si pontunk 5 perces s\u00e9t\u00e1ra van ezekt\u0151l a sz\u00e1llod\u00e1kt\u00f3l.<\/p>\n<p><strong>Jegyzet:<\/strong> ha a t\u00fara\/kir\u00e1ndul\u00e1s indul\u00e1si id\u0151pontja el\u0151tt 24 \u00f3r\u00e1n bel\u00fcl foglal, akkor fel\u00e1r ellen\u00e9ben megszervezhetj\u00fck a sz\u00e1llodai felsz\u00e1ll\u00e1st, ha nem a Ca\u00f1o Hondo sz\u00e1llod\u00e1kban tart\u00f3zkodik. Amint a v\u00e1s\u00e1rl\u00e1s befejez\u0151d\u00f6tt, elk\u00fcldj\u00fck \u00d6nnek a teljes el\u00e9rhet\u0151s\u00e9get (telefonsz\u00e1m, e-mail c\u00edm stb.), hogy helyi idegenvezet\u0151nk megszervezhesse a felv\u00e9telt.<\/p>\n<h3><em>Tov\u00e1bbi inform\u00e1ci\u00f3k meger\u0151s\u00edt\u00e9se<\/em><\/h3>\n<ul>\n<li>A jegyek a t\u00fara kifizet\u00e9s\u00e9t k\u00f6vet\u0151 nyugt\u00e1k. A fizet\u00e9st a telefonon tudod megjelen\u00edteni.<\/li>\n<li>A tal\u00e1lkoz\u00e1si pontot a foglal\u00e1si folyamat ut\u00e1n kapjuk meg.<\/li>\n<li>A gyermekeket feln\u0151tt k\u00eds\u00e9ret\u00e9ben kell biztos\u00edtani.<\/li>\n<li>Kerekessz\u00e9kkel nem megk\u00f6zel\u00edthet\u0151<\/li>\n<li>A csecsem\u0151knek baba\u00fcl\u00e9sben vagy feln\u0151tt mellett kell \u00fclni\u00fck<\/li>\n<li>H\u00e1tprobl\u00e9m\u00e1kkal k\u00fczd\u0151 utaz\u00f3knak nem aj\u00e1nlott.<\/li>\n<li>Terhes n\u0151knek nem aj\u00e1nlott.<\/li>\n<li>Nincsenek sz\u00edvprobl\u00e9m\u00e1k vagy egy\u00e9b s\u00falyos eg\u00e9szs\u00e9g\u00fcgyi \u00e1llapotok.<\/li>\n<li>A legt\u00f6bb utaz\u00f3 r\u00e9szt vehet.<\/li>\n<\/ul>\n<h3><em>Lemond\u00e1si felt\u00e9telek<\/em><\/h3>\n<p>A teljes visszat\u00e9r\u00edt\u00e9shez legal\u00e1bb 24 \u00f3r\u00e1val az \u00e9lm\u00e9ny kezdete el\u0151tt mondd le.<\/p>\n\n\t\t<\/div>\n\t<\/div>\n<\/div><\/div><\/div><\/div><div class=\"vc_row wpb_row vc_row-fluid\" ><div class=\"wpb_column vc_column_container vc_col-sm-12\"><div class=\"vc_column-inner\"><div class=\"wpb_wrapper\"><div class=\"vc_empty_space\"   style=\"height: 32px\"><span class=\"vc_empty_space_inner\"><\/span><\/div>\n\t<div class=\"wpb_video_widget wpb_content_element vc_clearfix   vc_video-aspect-ratio-169 vc_video-el-width-100 vc_video-align-left\" >\n\t\t<div class=\"wpb_wrapper\">\n\t\t\t\n\t\t\t<div class=\"wpb_video_wrapper\"><iframe loading=\"lazy\" title=\"Los Haitises Nemzeti Park, t\u00far\u00e1k \u00e9s kir\u00e1ndul\u00e1sok Saman\u00e1b\u00f3l vagy Sabana de la Marb\u00f3l. Foglaljon itt:\" src=\"https:\/\/player.vimeo.com\/video\/346508015?dnt=1&amp;app_id=122963\" width=\"1100\" height=\"619\" frameborder=\"0\" allow=\"autoplay; fullscreen\" allowfullscreen><\/iframe><\/div>\n\t\t<\/div>\n\t<\/div>\n<\/div><\/div><\/div><\/div><div class=\"vc_row wpb_row vc_row-fluid\" ><div class=\"wpb_column vc_column_container vc_col-sm-12\"><div class=\"vc_column-inner\"><div class=\"wpb_wrapper\"><div class=\"vc_empty_space\"   style=\"height: 32px\"><span class=\"vc_empty_space_inner\"><\/span><\/div>\n\t<div class=\"wpb_text_column wpb_content_element\" >\n\t\t<div class=\"wpb_wrapper\">\n\t\t\t<h4>L\u00e9pjen kapcsolatba vel\u00fcnk?<\/h4>\n<h5>Kalandok foglal\u00e1sa<\/h5>\n<p><em><strong>Helyiek<\/strong>\u00a0\u00e9s\u00a0<strong>Nemzetiek<\/strong>\u00a0Idegenvezet\u0151k \u00e9s vend\u00e9gszolg\u00e1ltat\u00e1sok<\/em><\/p>\n<p><span class=\"text-turquoise\">Foglal\u00e1sok:<\/span>\u00a0T\u00far\u00e1k \u00e9s kir\u00e1ndul\u00e1sok Dom. Rep.<\/p>\n<p><img decoding=\"async\" class=\"emoji\" draggable=\"false\" src=\"https:\/\/s.w.org\/images\/core\/emoji\/11.2.0\/svg\/1f4de.svg\" alt=\"\ud83d\udcde\" \/>\u00a0Tel\/Whatsapp\u00a0\u00a0<a href=\"tel:+1-809-720-6035\">+1-809-720-6035<\/a>.<\/p>\n<p><img decoding=\"async\" class=\"emoji\" draggable=\"false\" src=\"https:\/\/s.w.org\/images\/core\/emoji\/11.2.0\/svg\/1f4e9.svg\" alt=\"\ud83d\udce9\" \/>\u00a0<a href=\"mailto:info@bookingadventures.com.do\">info@bookingadventures.com.do<\/a><\/p>\n<p><strong>Rugalmasan \u00e1ll\u00edtjuk be a Whatsapp priv\u00e1t t\u00far\u00e1it:\u00a0<a href=\"tel:+18097206035\">+18097206035.<\/a><\/strong><\/p>\n\n\t\t<\/div>\n\t<\/div>\n<div class=\"vc_empty_space\"   style=\"height: 32px\"><span class=\"vc_empty_space_inner\"><\/span><\/div><\/div><\/div><\/div><\/div>","protected":false},"excerpt":{"rendered":"<p>\u00c9s itt is vagyunk! Az els\u0151 dolog, amit l\u00e1thatsz, a Mogotes nev\u0171 m\u00e9szk\u0151hegyek hatalmas gy\u0171jtem\u00e9nye, a tetej\u00fck\u00f6n t\u00f6bb mint 700 n\u00f6v\u00e9nyfaj \u00e9s sok vizes \u00e9l\u0151helyi mad\u00e1r rep\u00fcl. Ezut\u00e1n l\u00e1togasson el a 750 \u00e9vvel ezel\u0151tti \u0151slakos k\u00f6z\u00f6ss\u00e9gek piktogramjait tartalmaz\u00f3 barlangokba.<\/p>\n<p>Ezen k\u00edv\u00fcl ez a t\u00fara megmutatja a Haitises Nemzeti Park legfontosabb l\u00e1tnival\u00f3it. A k\u00e9t legl\u00e1togatottabb barlang a Cueva de la L\u00ednea \u00e9s a Cueva de la Arena. Miut\u00e1n n\u00e9h\u00e1ny \u00f3r\u00e1val megl\u00e1togattuk ezt a gy\u00f6ny\u00f6r\u0171 nemzeti parkot, a Haitises Nemzeti Park es\u0151erdeje fel\u00e9 vessz\u00fck az ir\u00e1nyt. 2 \u00f3ra gyalogl\u00e1s ut\u00e1n visszat\u00e9r\u00fcnk arra a helyre, ahonnan a t\u00far\u00e1nkat kezdt\u00fck. V\u00e1ltsa meg jegyeit itt, \u00e9s s\u00e9t\u00e1ljon a Haitises Nemzeti Park t\u00f6rt\u00e9net\u00e9t ismer\u0151 helyiekkel.<\/p>\n<p><strong>K\u00e9rj\u00fck, v\u00e1lassza ki a t\u00fara id\u0151pontj\u00e1t:<\/strong><\/p>\n<p>&nbsp;<\/p>\n<p>&nbsp;<\/p>","protected":false},"featured_media":84,"template":"","meta":[],"product_brand":[],"product_cat":[443,123,124],"product_tag":[179,125,126,129,130,104,221,131,132,210,222,134,223,146,114,224],"class_list":{"0":"post-558","1":"product","2":"type-product","3":"status-publish","4":"has-post-thumbnail","6":"product_cat-tours-y-excursiones-es","7":"product_cat-tours-excursions-los-haitises-national-park","8":"product_cat-tours-excursions-samana-bay-dominican-republic","9":"product_tag-birding-in-los-haitises","10":"product_tag-boat-tour","11":"product_tag-cano-hondo","12":"product_tag-eco-tours","13":"product_tag-excursion","14":"product_tag-hiking","15":"product_tag-hiking-los-haitises","16":"product_tag-locals-guides","17":"product_tag-los-haitises","18":"product_tag-los-haitises-excursions","19":"product_tag-los-haitises-from-samana","20":"product_tag-los-haitises-national-park-tour","21":"product_tag-los-haitises-sabana-de-la-mar","22":"product_tag-mangroves-los-haitises","23":"product_tag-sabana-de-la-mar","24":"product_tag-trails","26":"first","27":"instock","28":"sale","29":"sold-individually","30":"shipping-taxable","31":"product-type-external"},"_links":{"self":[{"href":"https:\/\/visitaloshaitises.com\/hu\/wp-json\/wp\/v2\/product\/558","targetHints":{"allow":["GET"]}}],"collection":[{"href":"https:\/\/visitaloshaitises.com\/hu\/wp-json\/wp\/v2\/product"}],"about":[{"href":"https:\/\/visitaloshaitises.com\/hu\/wp-json\/wp\/v2\/types\/product"}],"wp:featuredmedia":[{"embeddable":true,"href":"https:\/\/visitaloshaitises.com\/hu\/wp-json\/wp\/v2\/media\/84"}],"wp:attachment":[{"href":"https:\/\/visitaloshaitises.com\/hu\/wp-json\/wp\/v2\/media?parent=558"}],"wp:term":[{"taxonomy":"product_brand","embeddable":true,"href":"https:\/\/visitaloshaitises.com\/hu\/wp-json\/wp\/v2\/product_brand?post=558"},{"taxonomy":"product_cat","embeddable":true,"href":"https:\/\/visitaloshaitises.com\/hu\/wp-json\/wp\/v2\/product_cat?post=558"},{"taxonomy":"product_tag","embeddable":true,"href":"https:\/\/visitaloshaitises.com\/hu\/wp-json\/wp\/v2\/product_tag?post=558"}],"curies":[{"name":"wp","href":"https:\/\/api.w.org\/{rel}","templated":true}]}}